{"id":2316,"date":"2026-01-12T16:08:33","date_gmt":"2026-01-12T16:08:33","guid":{"rendered":"https:\/\/www.coblence-avocats.com\/equipe\/melanie-erber\/"},"modified":"2026-02-24T09:15:44","modified_gmt":"2026-02-24T09:15:44","slug":"melanie-erber","status":"publish","type":"equipe","link":"https:\/\/www.coblence-avocats.com\/en\/equipe\/melanie-erber\/","title":{"rendered":"M\u00e9lanie Erber"},"content":{"rendered":"\n<p>M\u00e9lanie Erber accompagne ses clients en droit de la propri\u00e9t\u00e9 intellectuelle, en droit de l\u2019informatique et des nouvelles technologies, ainsi qu\u2019en droit de la concurrence, de la consommation et de la distribution. Elle intervient notamment sur les probl\u00e9matiques li\u00e9es aux marques, droits d\u2019auteur, dessins et mod\u00e8les, droit de l\u2019internet et e-commerce, aux contrats informatiques et num\u00e9riques (licences, conditions g\u00e9n\u00e9rales), aux donn\u00e9es \u00e0 caract\u00e8re personnel, ainsi qu\u2019aux relations commerciales et pratiques restrictives de concurrence.<\/p>\n\n\n\n<p>Elle assiste ses clients tant en conseil, afin de valoriser et s\u00e9curiser leurs actifs incorporels et structurer leurs relations commerciales, qu\u2019en phase de pr\u00e9contentieux et de contentieux, dans le cadre de la r\u00e9solution de litiges complexes.<\/p>\n\n\n\n<p>Associ\u00e9e de Coblence avocats, elle est avocat au Barreau de Paris et titulaire d\u2019un DESS de droit du multim\u00e9dia et de l\u2019informatique (Universit\u00e9 Paris II \u2013 Assas).<\/p>\n","protected":false},"author":4,"featured_media":2288,"template":"","class_list":["post-2316","equipe","type-equipe","status-publish","has-post-thumbnail","hentry"],"acf":[],"yoast_head":"<!-- This site is optimized with the Yoast SEO plugin v26.8 - https:\/\/yoast.com\/product\/yoast-seo-wordpress\/ -->\n<title>M\u00e9lanie Erber | Associ\u00e9e \u2013 Propri\u00e9t\u00e9 intellectuelle &amp; actifs immat\u00e9riels<\/title>\n<meta name=\"description\" content=\"M\u00e9lanie Erber accompagne les entreprises dans la structuration, la protection et la d\u00e9fense de leurs actifs immat\u00e9riels, en conseil comme en contentieux.\" \/>\n<meta name=\"robots\" content=\"index, follow, max-snippet:-1, max-image-preview:large, max-video-preview:-1\" \/>\n<link rel=\"canonical\" href=\"https:\/\/www.coblence-avocats.com\/en\/equipe\/melanie-erber\/\" \/>\n<meta property=\"og:locale\" content=\"en_US\" \/>\n<meta property=\"og:type\" content=\"article\" \/>\n<meta property=\"og:title\" content=\"M\u00e9lanie Erber | Associ\u00e9e \u2013 Propri\u00e9t\u00e9 intellectuelle &amp; actifs immat\u00e9riels\" \/>\n<meta property=\"og:description\" content=\"M\u00e9lanie Erber accompagne les entreprises dans la structuration, la protection et la d\u00e9fense de leurs actifs immat\u00e9riels, en conseil comme en contentieux.\" \/>\n<meta property=\"og:url\" content=\"https:\/\/www.coblence-avocats.com\/en\/equipe\/melanie-erber\/\" \/>\n<meta property=\"og:site_name\" content=\"Coblence\" \/>\n<meta property=\"article:modified_time\" content=\"2026-02-24T09:15:44+00:00\" \/>\n<meta property=\"og:image\" content=\"https:\/\/www.coblence-avocats.com\/wp-content\/uploads\/2026\/01\/Melanie-Erber-Single-1-1024x671.png\" \/>\n\t<meta property=\"og:image:width\" content=\"1024\" \/>\n\t<meta property=\"og:image:height\" content=\"671\" \/>\n\t<meta property=\"og:image:type\" content=\"image\/png\" \/>\n<meta name=\"twitter:card\" content=\"summary_large_image\" \/>\n<meta name=\"twitter:label1\" content=\"Est. reading time\" \/>\n\t<meta name=\"twitter:data1\" content=\"1 minute\" \/>\n<script type=\"application\/ld+json\" class=\"yoast-schema-graph\">{\"@context\":\"https:\/\/schema.org\",\"@graph\":[{\"@type\":\"WebPage\",\"@id\":\"https:\/\/www.coblence-avocats.com\/en\/equipe\/melanie-erber\/\",\"url\":\"https:\/\/www.coblence-avocats.com\/en\/equipe\/melanie-erber\/\",\"name\":\"M\u00e9lanie Erber | Associ\u00e9e \u2013 Propri\u00e9t\u00e9 intellectuelle & actifs immat\u00e9riels\",\"isPartOf\":{\"@id\":\"https:\/\/www.coblence-avocats.com\/#website\"},\"primaryImageOfPage\":{\"@id\":\"https:\/\/www.coblence-avocats.com\/en\/equipe\/melanie-erber\/#primaryimage\"},\"image\":{\"@id\":\"https:\/\/www.coblence-avocats.com\/en\/equipe\/melanie-erber\/#primaryimage\"},\"thumbnailUrl\":\"https:\/\/www.coblence-avocats.com\/wp-content\/uploads\/2026\/01\/Melanie-Erber-Single-1-scaled.png\",\"datePublished\":\"2026-01-12T16:08:33+00:00\",\"dateModified\":\"2026-02-24T09:15:44+00:00\",\"description\":\"M\u00e9lanie Erber accompagne les entreprises dans la structuration, la protection et la d\u00e9fense de leurs actifs immat\u00e9riels, en conseil comme en contentieux.\",\"breadcrumb\":{\"@id\":\"https:\/\/www.coblence-avocats.com\/en\/equipe\/melanie-erber\/#breadcrumb\"},\"inLanguage\":\"en-US\",\"potentialAction\":[{\"@type\":\"ReadAction\",\"target\":[\"https:\/\/www.coblence-avocats.com\/en\/equipe\/melanie-erber\/\"]}]},{\"@type\":\"ImageObject\",\"inLanguage\":\"en-US\",\"@id\":\"https:\/\/www.coblence-avocats.com\/en\/equipe\/melanie-erber\/#primaryimage\",\"url\":\"https:\/\/www.coblence-avocats.com\/wp-content\/uploads\/2026\/01\/Melanie-Erber-Single-1-scaled.png\",\"contentUrl\":\"https:\/\/www.coblence-avocats.com\/wp-content\/uploads\/2026\/01\/Melanie-Erber-Single-1-scaled.png\",\"width\":2560,\"height\":1678},{\"@type\":\"BreadcrumbList\",\"@id\":\"https:\/\/www.coblence-avocats.com\/en\/equipe\/melanie-erber\/#breadcrumb\",\"itemListElement\":[{\"@type\":\"ListItem\",\"position\":1,\"name\":\"Accueil\",\"item\":\"https:\/\/www.coblence-avocats.com\/en\/\"},{\"@type\":\"ListItem\",\"position\":2,\"name\":\"M\u00e9lanie Erber\"}]},{\"@type\":\"WebSite\",\"@id\":\"https:\/\/www.coblence-avocats.com\/#website\",\"url\":\"https:\/\/www.coblence-avocats.com\/\",\"name\":\"Coblence\",\"description\":\"\",\"potentialAction\":[{\"@type\":\"SearchAction\",\"target\":{\"@type\":\"EntryPoint\",\"urlTemplate\":\"https:\/\/www.coblence-avocats.com\/?s={search_term_string}\"},\"query-input\":{\"@type\":\"PropertyValueSpecification\",\"valueRequired\":true,\"valueName\":\"search_term_string\"}}],\"inLanguage\":\"en-US\"}]}<\/script>\n<!-- \/ Yoast SEO plugin. -->","yoast_head_json":{"title":"M\u00e9lanie Erber | Associ\u00e9e \u2013 Propri\u00e9t\u00e9 intellectuelle & actifs immat\u00e9riels","description":"M\u00e9lanie Erber accompagne les entreprises dans la structuration, la protection et la d\u00e9fense de leurs actifs immat\u00e9riels, en conseil comme en contentieux.","robots":{"index":"index","follow":"follow","max-snippet":"max-snippet:-1","max-image-preview":"max-image-preview:large","max-video-preview":"max-video-preview:-1"},"canonical":"https:\/\/www.coblence-avocats.com\/en\/equipe\/melanie-erber\/","og_locale":"en_US","og_type":"article","og_title":"M\u00e9lanie Erber | Associ\u00e9e \u2013 Propri\u00e9t\u00e9 intellectuelle & actifs immat\u00e9riels","og_description":"M\u00e9lanie Erber accompagne les entreprises dans la structuration, la protection et la d\u00e9fense de leurs actifs immat\u00e9riels, en conseil comme en contentieux.","og_url":"https:\/\/www.coblence-avocats.com\/en\/equipe\/melanie-erber\/","og_site_name":"Coblence","article_modified_time":"2026-02-24T09:15:44+00:00","og_image":[{"width":1024,"height":671,"url":"https:\/\/www.coblence-avocats.com\/wp-content\/uploads\/2026\/01\/Melanie-Erber-Single-1-1024x671.png","type":"image\/png"}],"twitter_card":"summary_large_image","twitter_misc":{"Est. reading time":"1 minute"},"schema":{"@context":"https:\/\/schema.org","@graph":[{"@type":"WebPage","@id":"https:\/\/www.coblence-avocats.com\/en\/equipe\/melanie-erber\/","url":"https:\/\/www.coblence-avocats.com\/en\/equipe\/melanie-erber\/","name":"M\u00e9lanie Erber | Associ\u00e9e \u2013 Propri\u00e9t\u00e9 intellectuelle & actifs immat\u00e9riels","isPartOf":{"@id":"https:\/\/www.coblence-avocats.com\/#website"},"primaryImageOfPage":{"@id":"https:\/\/www.coblence-avocats.com\/en\/equipe\/melanie-erber\/#primaryimage"},"image":{"@id":"https:\/\/www.coblence-avocats.com\/en\/equipe\/melanie-erber\/#primaryimage"},"thumbnailUrl":"https:\/\/www.coblence-avocats.com\/wp-content\/uploads\/2026\/01\/Melanie-Erber-Single-1-scaled.png","datePublished":"2026-01-12T16:08:33+00:00","dateModified":"2026-02-24T09:15:44+00:00","description":"M\u00e9lanie Erber accompagne les entreprises dans la structuration, la protection et la d\u00e9fense de leurs actifs immat\u00e9riels, en conseil comme en contentieux.","breadcrumb":{"@id":"https:\/\/www.coblence-avocats.com\/en\/equipe\/melanie-erber\/#breadcrumb"},"inLanguage":"en-US","potentialAction":[{"@type":"ReadAction","target":["https:\/\/www.coblence-avocats.com\/en\/equipe\/melanie-erber\/"]}]},{"@type":"ImageObject","inLanguage":"en-US","@id":"https:\/\/www.coblence-avocats.com\/en\/equipe\/melanie-erber\/#primaryimage","url":"https:\/\/www.coblence-avocats.com\/wp-content\/uploads\/2026\/01\/Melanie-Erber-Single-1-scaled.png","contentUrl":"https:\/\/www.coblence-avocats.com\/wp-content\/uploads\/2026\/01\/Melanie-Erber-Single-1-scaled.png","width":2560,"height":1678},{"@type":"BreadcrumbList","@id":"https:\/\/www.coblence-avocats.com\/en\/equipe\/melanie-erber\/#breadcrumb","itemListElement":[{"@type":"ListItem","position":1,"name":"Accueil","item":"https:\/\/www.coblence-avocats.com\/en\/"},{"@type":"ListItem","position":2,"name":"M\u00e9lanie Erber"}]},{"@type":"WebSite","@id":"https:\/\/www.coblence-avocats.com\/#website","url":"https:\/\/www.coblence-avocats.com\/","name":"Coblence","description":"","potentialAction":[{"@type":"SearchAction","target":{"@type":"EntryPoint","urlTemplate":"https:\/\/www.coblence-avocats.com\/?s={search_term_string}"},"query-input":{"@type":"PropertyValueSpecification","valueRequired":true,"valueName":"search_term_string"}}],"inLanguage":"en-US"}]}},"_links":{"self":[{"href":"https:\/\/www.coblence-avocats.com\/en\/wp-json\/wp\/v2\/equipe\/2316","targetHints":{"allow":["GET"]}}],"collection":[{"href":"https:\/\/www.coblence-avocats.com\/en\/wp-json\/wp\/v2\/equipe"}],"about":[{"href":"https:\/\/www.coblence-avocats.com\/en\/wp-json\/wp\/v2\/types\/equipe"}],"author":[{"embeddable":true,"href":"https:\/\/www.coblence-avocats.com\/en\/wp-json\/wp\/v2\/users\/4"}],"version-history":[{"count":1,"href":"https:\/\/www.coblence-avocats.com\/en\/wp-json\/wp\/v2\/equipe\/2316\/revisions"}],"predecessor-version":[{"id":2386,"href":"https:\/\/www.coblence-avocats.com\/en\/wp-json\/wp\/v2\/equipe\/2316\/revisions\/2386"}],"wp:featuredmedia":[{"embeddable":true,"href":"https:\/\/www.coblence-avocats.com\/en\/wp-json\/wp\/v2\/media\/2288"}],"wp:attachment":[{"href":"https:\/\/www.coblence-avocats.com\/en\/wp-json\/wp\/v2\/media?parent=2316"}],"curies":[{"name":"wp","href":"https:\/\/api.w.org\/{rel}","templated":true}]}}